{"id":404,"date":"2021-03-26T10:12:14","date_gmt":"2021-03-26T10:12:14","guid":{"rendered":"https:\/\/surveys.ioc-cd.org\/?page_id=404"},"modified":"2021-06-07T08:18:18","modified_gmt":"2021-06-07T08:18:18","slug":"ioc-focal-points-question-2-14-is-sustainable-development-goal-14-considered-as-a-national-priority-in-your-country-question-2-15-how-is-it-reflected-in-your-national-plans-and-policies-question","status":"publish","type":"page","link":"https:\/\/surveys.ioc-cd.org\/index.php\/ioc-focal-points-question-2-14-is-sustainable-development-goal-14-considered-as-a-national-priority-in-your-country-question-2-15-how-is-it-reflected-in-your-national-plans-and-policies-question\/","title":{"rendered":"IOC Focal points: Question 2.14, 2.15, 2.16, 2.17: Is Sustainable Development Goal 14 considered as a national priority in your country? How is it reflected in your national plans and policies? How would you rate the level of capacity available right now in your country to achieve SDG 14? How would you rate the level of capacity available right now in your institution to support the achievement of SDG 14 in your country?"},"content":{"rendered":"\n<p class=\"has-text-align-right\"><strong><a href=\"https:\/\/surveys.ioc-cd.org\/index.php\/ioc-focal-points-question-2-13-in-the-context-of-the-un-decade-of-ocean-science-for-sustainable-development-for-which-of-the-following-ocean-decade-objectives-are-capacity-development-needs-greatest\/\">Previous Page<\/a> | <a href=\"https:\/\/surveys.ioc-cd.org\/index.php\/ioc-focal-points-question-2-18-in-your-opinion-to-what-extent-are-the-following-aspects-of-capacity-lacking-to-achieve-sdg-14\/\">Next Page<\/a><\/strong><\/p>\n\n\n\n<figure class=\"wp-block-gallery aligncenter columns-3 wp-block-gallery-1 is-layout-flex wp-block-gallery-is-layout-flex\"><ul class=\"blocks-gallery-grid\"><li class=\"blocks-gallery-item\"><figure><img loading=\"lazy\" decoding=\"async\" width=\"379\" height=\"379\" src=\"https:\/\/surveys.ioc-cd.org\/wp-content\/uploads\/2021\/04\/2.14-rev2.jpg\" alt=\"\" data-id=\"1855\" data-full-url=\"https:\/\/surveys.ioc-cd.org\/wp-content\/uploads\/2021\/04\/2.14-rev2.jpg\" data-link=\"https:\/\/surveys.ioc-cd.org\/index.php\/ioc-focal-points-question-2-14-is-sustainable-development-goal-14-considered-as-a-national-priority-in-your-country-question-2-15-how-is-it-reflected-in-your-national-plans-and-policies-question\/2-14-rev2\/\" class=\"wp-image-1855\" srcset=\"https:\/\/surveys.ioc-cd.org\/wp-content\/uploads\/2021\/04\/2.14-rev2.jpg 379w, https:\/\/surveys.ioc-cd.org\/wp-content\/uploads\/2021\/04\/2.14-rev2-300x300.jpg 300w, https:\/\/surveys.ioc-cd.org\/wp-content\/uploads\/2021\/04\/2.14-rev2-150x150.jpg 150w\" sizes=\"auto, (max-width: 379px) 100vw, 379px\" \/><\/figure><\/li><li class=\"blocks-gallery-item\"><figure><img loading=\"lazy\" decoding=\"async\" width=\"379\" height=\"378\" src=\"https:\/\/surveys.ioc-cd.org\/wp-content\/uploads\/2021\/04\/rev-Focal-Points-Q2.16-graph.jpg\" alt=\"\" data-id=\"1853\" data-link=\"https:\/\/surveys.ioc-cd.org\/index.php\/ioc-focal-points-question-2-14-is-sustainable-development-goal-14-considered-as-a-national-priority-in-your-country-question-2-15-how-is-it-reflected-in-your-national-plans-and-policies-question\/rev-focal-points-q2-16-graph\/\" class=\"wp-image-1853\" srcset=\"https:\/\/surveys.ioc-cd.org\/wp-content\/uploads\/2021\/04\/rev-Focal-Points-Q2.16-graph.jpg 379w, https:\/\/surveys.ioc-cd.org\/wp-content\/uploads\/2021\/04\/rev-Focal-Points-Q2.16-graph-300x300.jpg 300w, https:\/\/surveys.ioc-cd.org\/wp-content\/uploads\/2021\/04\/rev-Focal-Points-Q2.16-graph-150x150.jpg 150w\" sizes=\"auto, (max-width: 379px) 100vw, 379px\" \/><\/figure><\/li><li class=\"blocks-gallery-item\"><figure><img loading=\"lazy\" decoding=\"async\" width=\"379\" height=\"379\" src=\"https:\/\/surveys.ioc-cd.org\/wp-content\/uploads\/2021\/04\/rev-Focal-Points-Q2.17-graph.jpg\" alt=\"\" data-id=\"1852\" data-link=\"https:\/\/surveys.ioc-cd.org\/index.php\/ioc-focal-points-question-2-14-is-sustainable-development-goal-14-considered-as-a-national-priority-in-your-country-question-2-15-how-is-it-reflected-in-your-national-plans-and-policies-question\/rev-focal-points-q2-17-graph\/\" class=\"wp-image-1852\" srcset=\"https:\/\/surveys.ioc-cd.org\/wp-content\/uploads\/2021\/04\/rev-Focal-Points-Q2.17-graph.jpg 379w, https:\/\/surveys.ioc-cd.org\/wp-content\/uploads\/2021\/04\/rev-Focal-Points-Q2.17-graph-300x300.jpg 300w, https:\/\/surveys.ioc-cd.org\/wp-content\/uploads\/2021\/04\/rev-Focal-Points-Q2.17-graph-150x150.jpg 150w\" sizes=\"auto, (max-width: 379px) 100vw, 379px\" \/><\/figure><\/li><\/ul><figcaption class=\"blocks-gallery-caption\">2.14, 2.16, 2.17 Summary Graphs<\/figcaption><\/figure>\n\n\n\n<figure class=\"wp-block-gallery aligncenter columns-3 wp-block-gallery-2 is-layout-flex wp-block-gallery-is-layout-flex\"><ul class=\"blocks-gallery-grid\"><li class=\"blocks-gallery-item\"><figure><img loading=\"lazy\" decoding=\"async\" width=\"277\" height=\"183\" src=\"https:\/\/surveys.ioc-cd.org\/wp-content\/uploads\/2021\/04\/Focal-Points-Q2.14-table-1.jpg\" alt=\"\" data-id=\"943\" data-full-url=\"https:\/\/surveys.ioc-cd.org\/wp-content\/uploads\/2021\/04\/Focal-Points-Q2.14-table-1.jpg\" data-link=\"https:\/\/surveys.ioc-cd.org\/index.php\/ioc-focal-points-question-2-14-is-sustainable-development-goal-14-considered-as-a-national-priority-in-your-country-question-2-15-how-is-it-reflected-in-your-national-plans-and-policies-question\/focal-points-q2-14-table-1\/\" class=\"wp-image-943\"\/><\/figure><\/li><li class=\"blocks-gallery-item\"><figure><img loading=\"lazy\" decoding=\"async\" width=\"277\" height=\"238\" src=\"https:\/\/surveys.ioc-cd.org\/wp-content\/uploads\/2021\/04\/Focal-Points-Q2.16-table.jpg\" alt=\"\" data-id=\"944\" data-full-url=\"https:\/\/surveys.ioc-cd.org\/wp-content\/uploads\/2021\/04\/Focal-Points-Q2.16-table.jpg\" data-link=\"https:\/\/surveys.ioc-cd.org\/index.php\/ioc-focal-points-question-2-14-is-sustainable-development-goal-14-considered-as-a-national-priority-in-your-country-question-2-15-how-is-it-reflected-in-your-national-plans-and-policies-question\/focal-points-q2-16-table\/\" class=\"wp-image-944\"\/><\/figure><\/li><li class=\"blocks-gallery-item\"><figure><img loading=\"lazy\" decoding=\"async\" width=\"277\" height=\"276\" src=\"https:\/\/surveys.ioc-cd.org\/wp-content\/uploads\/2021\/04\/Focal-Points-Q2.17-table.jpg\" alt=\"\" data-id=\"945\" data-full-url=\"https:\/\/surveys.ioc-cd.org\/wp-content\/uploads\/2021\/04\/Focal-Points-Q2.17-table.jpg\" data-link=\"https:\/\/surveys.ioc-cd.org\/index.php\/ioc-focal-points-question-2-14-is-sustainable-development-goal-14-considered-as-a-national-priority-in-your-country-question-2-15-how-is-it-reflected-in-your-national-plans-and-policies-question\/focal-points-q2-17-table\/\" class=\"wp-image-945\" srcset=\"https:\/\/surveys.ioc-cd.org\/wp-content\/uploads\/2021\/04\/Focal-Points-Q2.17-table.jpg 277w, https:\/\/surveys.ioc-cd.org\/wp-content\/uploads\/2021\/04\/Focal-Points-Q2.17-table-150x150.jpg 150w\" sizes=\"auto, (max-width: 277px) 100vw, 277px\" \/><\/figure><\/li><\/ul><figcaption class=\"blocks-gallery-caption\">2.14, 2.16, 2.17 Summary Tables<\/figcaption><\/figure>\n\n\n\n<figure class=\"wp-block-gallery aligncenter columns-1 wp-block-gallery-3 is-layout-flex wp-block-gallery-is-layout-flex\"><ul class=\"blocks-gallery-grid\"><li class=\"blocks-gallery-item\"><figure><img loading=\"lazy\" decoding=\"async\" width=\"587\" height=\"58\" src=\"https:\/\/surveys.ioc-cd.org\/wp-content\/uploads\/2021\/04\/capacity.jpg\" alt=\"\" data-id=\"2603\" data-full-url=\"https:\/\/surveys.ioc-cd.org\/wp-content\/uploads\/2021\/04\/capacity.jpg\" data-link=\"https:\/\/surveys.ioc-cd.org\/ioc-focal-points-question-2-14-is-sustainable-development-goal-14-considered-as-a-national-priority-in-your-country-question-2-15-how-is-it-reflected-in-your-national-plans-and-policies-question\/capacity\/\" class=\"wp-image-2603\" srcset=\"https:\/\/surveys.ioc-cd.org\/wp-content\/uploads\/2021\/04\/capacity.jpg 587w, https:\/\/surveys.ioc-cd.org\/wp-content\/uploads\/2021\/04\/capacity-300x30.jpg 300w\" sizes=\"auto, (max-width: 587px) 100vw, 587px\" \/><\/figure><\/li><\/ul><\/figure>\n\n\n\n<figure class=\"wp-block-table\"><table><tbody><tr><td><strong>Country<\/strong><\/td><td><strong>Institution<\/strong><\/td><td><strong>Your Position<\/strong><\/td><td><strong>Gender<\/strong><\/td><td><strong>Is SDG 14 considered as a national priority in your country?<\/strong><strong><\/strong><\/td><td><strong>If yes, how&nbsp;is this reflected in your national plans and policies?<\/strong><strong><\/strong><\/td><td><strong>How would you rate the level of capacity available right now in your country to achieve SDG&nbsp;14?<\/strong><strong><\/strong><\/td><td><strong>How would you rate the level of capacity available right now in your institution&nbsp;to support the achievement of SDG 14 in your country?<\/strong><strong><\/strong><\/td><\/tr><tr><td>Argentina<\/td><td>Servicio de Hidrograf\u00c3\u00ada Naval<\/td><td>Technical Secretary<\/td><td>Male<\/td><td>Yes<\/td><td>Expressed through the national initiative Pampa Azul&nbsp;&nbsp;www.pampazul.gob.ar<\/td><td>Significant capacity<\/td><td>Significant capacity<\/td><\/tr><tr><td>Benin<\/td><td>Institut de Recherches Halieutiques et Oc\u00e9anologiques du B\u00e9nin (IRHOB)<\/td><td>Director<\/td><td>&nbsp;<\/td><td>Yes<\/td><td>Collaboration with Institution working in the ocean and coastal area. Polic of use of scientific result for ocean managment<\/td><td>Partial capacity<\/td><td>Partial capacity<\/td><\/tr><tr><td>Chile<\/td><td>CHILEAN NAVY HYDROGRAPHIC AND OCEANOGRAPHIC SERVICE<\/td><td>DIRECTOR<\/td><td>Male<\/td><td>Yes<\/td><td>National Oceanographic Plan (2021-2030)&nbsp;&nbsp;National Ocean Policy&nbsp;&nbsp;<\/td><td>Significant capacity<\/td><td>Significant capacity<\/td><\/tr><tr><td>Colombia<\/td><td>Colombian Ocean Commission<\/td><td>International Adviser<\/td><td>Female<\/td><td>Yes<\/td><td>&nbsp;&nbsp;Colombia has a national policy for the ocean and the coastal spaces (PNOEC)&nbsp;&nbsp;Colombia created a national policy called CONPES 3990 &#8220;Colombia Bioceanic Power&#8221;&nbsp;&nbsp;There is an Oceans Region Pact in the National Development Plan 2018-2022&nbsp;&nbsp;In Colombia there is the National Academic Network SDG 14, to obtain new learning and identify challenges, actions, and sources of financing<\/td><td>Partial capacity<\/td><td>Significant capacity<\/td><\/tr><tr><td>Comoros<\/td><td>Universit\u00e9 des Comores<\/td><td>Lecturer<\/td><td>Male<\/td><td>Yes<\/td><td>&nbsp;<\/td><td>Partial capacity<\/td><td>Partial capacity<\/td><\/tr><tr><td>Democratic People&#8217;s Republic of Korea<\/td><td>State Hydro-Meteorological Administration&nbsp;<\/td><td>Director<\/td><td>Male<\/td><td>Yes<\/td><td>&nbsp;<\/td><td>Partial capacity<\/td><td>Partial capacity<\/td><\/tr><tr><td>Egypt<\/td><td>National Institute of Oceanography and Fisheries<\/td><td>President of National Institute of Oceanography and Fisheries<\/td><td>Male<\/td><td>Yes<\/td><td>knowledge for sustainable development, and increase the capacity of ocean science to deliver needed ocean data and information<\/td><td>Significant capacity<\/td><td>Significant capacity<\/td><\/tr><tr><td>El Salvador<\/td><td>Ministerio de Medio Ambiente y Recursos Naturales<\/td><td>Especialista en Oceanograf\u00eda<\/td><td>Male<\/td><td>Yes<\/td><td>El Gobierno de El Salvador promulgo la Politica del Mar y Costas en 2019.<\/td><td>Partial capacity<\/td><td>Partial capacity<\/td><\/tr><tr><td>Estonia<\/td><td>Ministry of the Environment of Estonia<\/td><td>Coordinator<\/td><td>Male<\/td><td>No<\/td><td>&nbsp;<\/td><td>Low capacity<\/td><td>Low capacity<\/td><\/tr><tr><td>Finland<\/td><td>Finnish Meteorological Institute<\/td><td>Safety, Head of Group<\/td><td>Female<\/td><td>I don&#8217;t know<\/td><td>&#8211;<\/td><td>I don&#8217;t know<\/td><td>I don&#8217;t know<\/td><\/tr><tr><td>France<\/td><td>Comit\u00e9 national fran\u00e7ais pour la COI<\/td><td>Pr\u00e9sidente<\/td><td>Female<\/td><td>Yes<\/td><td>Sustained research funding in ocean science, including investments in the global ocean observarting systems through G7 (development of news sensors and instruments for in situ-observation). France hosts several IPOs in support to international programm management in marine science (Geotraces, BiogeoArgo, etc\u2026).<\/td><td>Significant capacity<\/td><td>Significant capacity<\/td><\/tr><tr><td>Germany<\/td><td>Federal Maritime and Hydrographic Agency<\/td><td>Secretariat of German IOC-Section<\/td><td>Male<\/td><td>I don&#8217;t know<\/td><td>&nbsp;<\/td><td>Significant capacity<\/td><td>Partial capacity<\/td><\/tr><tr><td>Guinea<\/td><td>Centre de Recherche Scientifique de Conakry Rogban\u00e8 (CERESCOR)<\/td><td>Chercheur Oc\u00e9anographe \/ Directeur Ecole Doctorale en Oc\u00e9anographie, Environnement Marin et C\u00f4tier<\/td><td>Male<\/td><td>Yes<\/td><td>Support for the establishment of the pre-strategy and blue economy strategy and Marine space planning, Marine protected areas<\/td><td>Partial capacity<\/td><td>Partial capacity<\/td><\/tr><tr><td>India<\/td><td>INCOIS<\/td><td>Director<\/td><td>Male<\/td><td>Yes<\/td><td>MoES is a a major stakeholder implementing key national programs related to oceans, coasts &amp; atmosphere research, observations &amp; services which contribute to broader national policies.<\/td><td>Significant capacity<\/td><td>Significant capacity<\/td><\/tr><tr><td>Iran (Islamic Republic of)<\/td><td>Iranian National Institute for Oceanography and Atmospheric Science<\/td><td>Director<\/td><td>Male<\/td><td>Yes<\/td><td>The Iranian National Institute for Oceanography and Atmospheric Science as the head of the Iranian National Committee for Oceanography, which is one of the committees of the Iranian National Commission to UNESCO, provides the policy makers in marine sciences with information about the ocean strategies.There are some national high level documents for protecting the seas in IR of Iran including &#8220;Roadmap for developing marine technologies&#8221; and&#8221; Plan for development of higher education in marine science and technology&#8221;&nbsp;&nbsp;High Council of Oceanography is another high-level institute for policy making in the marine related issues.&nbsp;&nbsp;&nbsp;Governmental budgets are located to different oceanographic researches and ocean issues projects to the marine related organizations for protecting the seas from different pollutions including oil pollution, microplastics, urban swages and etc.&nbsp;&nbsp;<\/td><td>Significant capacity<\/td><td>Significant capacity<\/td><\/tr><tr><td>Kenya<\/td><td>Kenya Marine and Fisheries Research Institute<\/td><td>Director-Focal Point 3<\/td><td>Male<\/td><td>Yes<\/td><td>s a research institute we are tasked to determine the stocks of our fish which contributes to SDG 14.1-sustainable fishing,&nbsp;&nbsp;We are working on Ocean acidification projects and Marine pollution and are renowned for mangrove restoration and we run the first Carbon credit facility of forest in Africa if not the world.<\/td><td>Significant capacity<\/td><td>Significant capacity<\/td><\/tr><tr><td>Kuwait<\/td><td>Kuwait Institute for Scientific Research<\/td><td>Principal Research Scientist, Kuwait Representative to IOC&nbsp;<\/td><td>Female<\/td><td>Yes<\/td><td>Incorporated in the National Plan Under The Environment Public Authority<\/td><td>Significant capacity<\/td><td>Partial capacity<\/td><\/tr><tr><td>Lebanon<\/td><td>National Centre for Marine Sciences-CNRSL<\/td><td>Director of the Centre &amp; Researcher<\/td><td>Male<\/td><td>Yes<\/td><td>All the projects and plan that we are implementing are serving the SDG14<\/td><td>Partial capacity<\/td><td>Significant capacity<\/td><\/tr><tr><td>Mexico<\/td><td>MEXICO NODC<\/td><td>Coordinator<\/td><td>Male<\/td><td>&nbsp;<\/td><td>I don&#8217;t know<\/td><td>Partial capacity<\/td><td>To a certain degree<\/td><\/tr><tr><td>Morocco<\/td><td>INRH<\/td><td>National Focal Point&nbsp;<\/td><td>Male<\/td><td>&nbsp;<\/td><td>&nbsp;<\/td><td>&nbsp;<\/td><td>&nbsp;<\/td><\/tr><tr><td>Nigeria<\/td><td>Nigerian Institute for Oceanography and Marine Research&nbsp;<\/td><td>Director&nbsp;<\/td><td>Male<\/td><td>Yes<\/td><td>Careful Management of the ocean resources for sustainable development is one of the key issue for government policies in Nigeria. Hence substantial part of the national budget is dedicated drive these plans<\/td><td>Low capacity<\/td><td>Low capacity<\/td><\/tr><tr><td>Pakistan<\/td><td>National Institute of Oceanography<\/td><td>Senior Research Scientist<\/td><td>Female<\/td><td>Yes<\/td><td>SDG national focal person of the Ministry of Planning Commision and Reforms, Government of Pakistan<\/td><td>Low capacity<\/td><td>Low capacity<\/td><\/tr><tr><td>Panama<\/td><td>Autoridad Mar\u00edtima de Panam\u00e1<\/td><td>Jefe de Ambiente&nbsp;<\/td><td>Male<\/td><td>Yes<\/td><td>en la conservaci\u00f3n de los oc\u00e9anos Limpios y dentro de la Planificaci\u00f3n Espacial Marina y la Econom\u00eda Azul.<\/td><td>Partial capacity<\/td><td>Partial capacity<\/td><\/tr><tr><td>Peru<\/td><td>Direcci\u00c3\u00b3n de Hidrograf\u00c3\u00ada y Navegaci\u00c3\u00b3n &#8211; Per\u00c3\u00ba<\/td><td>Director<\/td><td>Male<\/td><td>Yes<\/td><td>To through the effort that the State sectors make to protect the earth from an enviromnetal and socio-economic point of view<\/td><td>Partial capacity<\/td><td>Significant capacity<\/td><\/tr><tr><td>Portugal<\/td><td>Instituto Hidrografico<\/td><td>Oceanographer<\/td><td>Female<\/td><td>I don&#8217;t know<\/td><td>&nbsp;<\/td><td>Partial capacity<\/td><td>Partial capacity<\/td><\/tr><tr><td>Sudan<\/td><td>UNESCO Chair on Marine Biology and Oceanography \/ Sudan<\/td><td>Chairholder<\/td><td>Male<\/td><td>Yes<\/td><td>&nbsp;Very well enforced regulations<\/td><td>Low capacity<\/td><td>Low capacity<\/td><\/tr><tr><td>Sweden<\/td><td>SMHI<\/td><td>Senior oceanographer\/data manager<\/td><td>Female<\/td><td>Yes<\/td><td>There is a national plan for Agenda 20130<\/td><td>Significant capacity<\/td><td>Significant capacity<\/td><\/tr><tr><td>Togo<\/td><td>University of Lome<\/td><td>Lecturer, IOC National Focal Point<\/td><td>Male<\/td><td>Yes<\/td><td>Togo has developed the National Strategy for the Sea and the Coast. This strategy was developed on the basis of SDG 14.&nbsp;<\/td><td>Partial capacity<\/td><td>Partial capacity<\/td><\/tr><tr><td>Tunisia<\/td><td>Institut National des Sciences et Technologies de la Mer (INSTM)<\/td><td>Professor<\/td><td>Male<\/td><td>Yes<\/td><td>Several multi-institutional actions coordinated by the CSD focal bridge<\/td><td>Significant capacity<\/td><td>Partial capacity<\/td><\/tr><tr><td>United Republic of Tanzania<\/td><td>Institute of Marine Sciences, UDSM<\/td><td>PO box 668, Zanzibar, Tanzania<\/td><td>Male<\/td><td>Yes<\/td><td>1) The Government is training fisheries officer in the various fishery to better manage resources.&nbsp;&nbsp;&nbsp;&nbsp;2) The government is to build a fishing port which will enable resource monitoring and management.<\/td><td>Partial capacity<\/td><td>Partial capacity<\/td><\/tr><tr><td>Vietnam<\/td><td>Institute of Oceanography, Vietnam Academy of Science and Technology<\/td><td>Director<\/td><td>Female<\/td><td>I don&#8217;t know<\/td><td>&nbsp;<\/td><td>Partial capacity<\/td><td>Partial capacity<\/td><\/tr><tr><td>ADDITIONAL<\/td><td><\/td><td><\/td><td><\/td><td><\/td><td><\/td><td><\/td><td><\/td><\/tr><tr><td>Ecuador<\/td><td>Instituto Oceanogr\u00e1fico y Ant\u00e1rtico de la Armada <\/td><td>Investigador Oceanogr\u00e1fico<\/td><td>Female<\/td><td>Yes<\/td><td>Los proyectos de investigaci\u00f3n en temas de contaminaci\u00f3n marina ocasionados por<\/td><td>Partial capacity<\/td><td>Partial capacity<\/td><\/tr><\/tbody><\/table><\/figure>\n\n\n\n<p><\/p>\n\n\n\n<p><\/p>\n","protected":false},"excerpt":{"rendered":"<p>Previous Page | Next Page Country Institution Your Position Gender Is SDG 14 considered as a national priority in your country? If yes, how&nbsp;is this&#8230;<\/p>\n<div class=\"more-link-wrapper\"><a class=\"more-link\" href=\"https:\/\/surveys.ioc-cd.org\/index.php\/ioc-focal-points-question-2-14-is-sustainable-development-goal-14-considered-as-a-national-priority-in-your-country-question-2-15-how-is-it-reflected-in-your-national-plans-and-policies-question\/\">Continue reading<span class=\"screen-reader-text\">IOC Focal points: Question 2.14, 2.15, 2.16, 2.17: Is Sustainable Development Goal 14 considered as a national priority in your country? How is it reflected in your national plans and policies? How would you rate the level of capacity available right now in your country to achieve SDG 14? How would you rate the level of capacity available right now in your institution to support the achievement of SDG 14 in your country?<\/span><\/a><\/div>\n","protected":false},"author":3,"featured_media":0,"parent":0,"menu_order":0,"comment_status":"closed","ping_status":"closed","template":"templates\/full-width.php","meta":{"footnotes":""},"class_list":["post-404","page","type-page","status-publish","hentry","entry"],"yoast_head":"<!-- This site is optimized with the Yoast SEO plugin v27.2 - https:\/\/yoast.com\/product\/yoast-seo-wordpress\/ -->\n<title>IOC Focal points: Question 2.14, 2.15, 2.16, 2.17: Is Sustainable Development Goal 14 considered as a national priority in your country? How is it reflected in your national plans and policies? How would you rate the level of capacity available right now in your country to achieve SDG 14? How would you rate the level of capacity available right now in your institution to support the achievement of SDG 14 in your country? - Surveys for IOC-CD<\/title>\n<meta name=\"robots\" content=\"index, follow, max-snippet:-1, max-image-preview:large, max-video-preview:-1\" \/>\n<link rel=\"canonical\" href=\"https:\/\/surveys.ioc-cd.org\/index.php\/ioc-focal-points-question-2-14-is-sustainable-development-goal-14-considered-as-a-national-priority-in-your-country-question-2-15-how-is-it-reflected-in-your-national-plans-and-policies-question\/\" \/>\n<meta property=\"og:locale\" content=\"en_US\" \/>\n<meta property=\"og:type\" content=\"article\" \/>\n<meta property=\"og:title\" content=\"IOC Focal points: Question 2.14, 2.15, 2.16, 2.17: Is Sustainable Development Goal 14 considered as a national priority in your country? How is it reflected in your national plans and policies? How would you rate the level of capacity available right now in your country to achieve SDG 14? How would you rate the level of capacity available right now in your institution to support the achievement of SDG 14 in your country? - Surveys for IOC-CD\" \/>\n<meta property=\"og:description\" content=\"Previous Page | Next Page Country Institution Your Position Gender Is SDG 14 considered as a national priority in your country? If yes, how&nbsp;is this&#8230;\" \/>\n<meta property=\"og:url\" content=\"https:\/\/surveys.ioc-cd.org\/index.php\/ioc-focal-points-question-2-14-is-sustainable-development-goal-14-considered-as-a-national-priority-in-your-country-question-2-15-how-is-it-reflected-in-your-national-plans-and-policies-question\/\" \/>\n<meta property=\"og:site_name\" content=\"Surveys for IOC-CD\" \/>\n<meta property=\"article:modified_time\" content=\"2021-06-07T08:18:18+00:00\" \/>\n<meta property=\"og:image\" content=\"https:\/\/surveys.ioc-cd.org\/wp-content\/uploads\/2021\/04\/2.14-rev2.jpg\" \/>\n<meta name=\"twitter:card\" content=\"summary_large_image\" \/>\n<meta name=\"twitter:label1\" content=\"Est. reading time\" \/>\n\t<meta name=\"twitter:data1\" content=\"7 minutes\" \/>\n<script type=\"application\/ld+json\" class=\"yoast-schema-graph\">{\"@context\":\"https:\/\/schema.org\",\"@graph\":[{\"@type\":\"WebPage\",\"@id\":\"https:\/\/surveys.ioc-cd.org\/index.php\/ioc-focal-points-question-2-14-is-sustainable-development-goal-14-considered-as-a-national-priority-in-your-country-question-2-15-how-is-it-reflected-in-your-national-plans-and-policies-question\/\",\"url\":\"https:\/\/surveys.ioc-cd.org\/index.php\/ioc-focal-points-question-2-14-is-sustainable-development-goal-14-considered-as-a-national-priority-in-your-country-question-2-15-how-is-it-reflected-in-your-national-plans-and-policies-question\/\",\"name\":\"IOC Focal points: Question 2.14, 2.15, 2.16, 2.17: Is Sustainable Development Goal 14 considered as a national priority in your country? How is it reflected in your national plans and policies? How would you rate the level of capacity available right now in your country to achieve SDG 14? How would you rate the level of capacity available right now in your institution to support the achievement of SDG 14 in your country? - Surveys for IOC-CD\",\"isPartOf\":{\"@id\":\"https:\/\/surveys.ioc-cd.org\/#website\"},\"primaryImageOfPage\":{\"@id\":\"https:\/\/surveys.ioc-cd.org\/index.php\/ioc-focal-points-question-2-14-is-sustainable-development-goal-14-considered-as-a-national-priority-in-your-country-question-2-15-how-is-it-reflected-in-your-national-plans-and-policies-question\/#primaryimage\"},\"image\":{\"@id\":\"https:\/\/surveys.ioc-cd.org\/index.php\/ioc-focal-points-question-2-14-is-sustainable-development-goal-14-considered-as-a-national-priority-in-your-country-question-2-15-how-is-it-reflected-in-your-national-plans-and-policies-question\/#primaryimage\"},\"thumbnailUrl\":\"https:\/\/surveys.ioc-cd.org\/wp-content\/uploads\/2021\/04\/2.14-rev2.jpg\",\"datePublished\":\"2021-03-26T10:12:14+00:00\",\"dateModified\":\"2021-06-07T08:18:18+00:00\",\"breadcrumb\":{\"@id\":\"https:\/\/surveys.ioc-cd.org\/index.php\/ioc-focal-points-question-2-14-is-sustainable-development-goal-14-considered-as-a-national-priority-in-your-country-question-2-15-how-is-it-reflected-in-your-national-plans-and-policies-question\/#breadcrumb\"},\"inLanguage\":\"en-US\",\"potentialAction\":[{\"@type\":\"ReadAction\",\"target\":[\"https:\/\/surveys.ioc-cd.org\/index.php\/ioc-focal-points-question-2-14-is-sustainable-development-goal-14-considered-as-a-national-priority-in-your-country-question-2-15-how-is-it-reflected-in-your-national-plans-and-policies-question\/\"]}]},{\"@type\":\"ImageObject\",\"inLanguage\":\"en-US\",\"@id\":\"https:\/\/surveys.ioc-cd.org\/index.php\/ioc-focal-points-question-2-14-is-sustainable-development-goal-14-considered-as-a-national-priority-in-your-country-question-2-15-how-is-it-reflected-in-your-national-plans-and-policies-question\/#primaryimage\",\"url\":\"https:\/\/surveys.ioc-cd.org\/wp-content\/uploads\/2021\/04\/2.14-rev2.jpg\",\"contentUrl\":\"https:\/\/surveys.ioc-cd.org\/wp-content\/uploads\/2021\/04\/2.14-rev2.jpg\",\"width\":379,\"height\":379},{\"@type\":\"BreadcrumbList\",\"@id\":\"https:\/\/surveys.ioc-cd.org\/index.php\/ioc-focal-points-question-2-14-is-sustainable-development-goal-14-considered-as-a-national-priority-in-your-country-question-2-15-how-is-it-reflected-in-your-national-plans-and-policies-question\/#breadcrumb\",\"itemListElement\":[{\"@type\":\"ListItem\",\"position\":1,\"name\":\"Home\",\"item\":\"https:\/\/surveys.ioc-cd.org\/\"},{\"@type\":\"ListItem\",\"position\":2,\"name\":\"IOC Focal points: Question 2.14, 2.15, 2.16, 2.17: Is Sustainable Development Goal 14 considered as a national priority in your country? How is it reflected in your national plans and policies? How would you rate the level of capacity available right now in your country to achieve SDG 14? How would you rate the level of capacity available right now in your institution to support the achievement of SDG 14 in your country?\"}]},{\"@type\":\"WebSite\",\"@id\":\"https:\/\/surveys.ioc-cd.org\/#website\",\"url\":\"https:\/\/surveys.ioc-cd.org\/\",\"name\":\"Surveys for IOC-CD\",\"description\":\"IOC Capacity Development surveys results\",\"potentialAction\":[{\"@type\":\"SearchAction\",\"target\":{\"@type\":\"EntryPoint\",\"urlTemplate\":\"https:\/\/surveys.ioc-cd.org\/?s={search_term_string}\"},\"query-input\":{\"@type\":\"PropertyValueSpecification\",\"valueRequired\":true,\"valueName\":\"search_term_string\"}}],\"inLanguage\":\"en-US\"}]}<\/script>\n<!-- \/ Yoast SEO plugin. -->","yoast_head_json":{"title":"IOC Focal points: Question 2.14, 2.15, 2.16, 2.17: Is Sustainable Development Goal 14 considered as a national priority in your country? How is it reflected in your national plans and policies? How would you rate the level of capacity available right now in your country to achieve SDG 14? How would you rate the level of capacity available right now in your institution to support the achievement of SDG 14 in your country? - Surveys for IOC-CD","robots":{"index":"index","follow":"follow","max-snippet":"max-snippet:-1","max-image-preview":"max-image-preview:large","max-video-preview":"max-video-preview:-1"},"canonical":"https:\/\/surveys.ioc-cd.org\/index.php\/ioc-focal-points-question-2-14-is-sustainable-development-goal-14-considered-as-a-national-priority-in-your-country-question-2-15-how-is-it-reflected-in-your-national-plans-and-policies-question\/","og_locale":"en_US","og_type":"article","og_title":"IOC Focal points: Question 2.14, 2.15, 2.16, 2.17: Is Sustainable Development Goal 14 considered as a national priority in your country? How is it reflected in your national plans and policies? How would you rate the level of capacity available right now in your country to achieve SDG 14? How would you rate the level of capacity available right now in your institution to support the achievement of SDG 14 in your country? - Surveys for IOC-CD","og_description":"Previous Page | Next Page Country Institution Your Position Gender Is SDG 14 considered as a national priority in your country? If yes, how&nbsp;is this&#8230;","og_url":"https:\/\/surveys.ioc-cd.org\/index.php\/ioc-focal-points-question-2-14-is-sustainable-development-goal-14-considered-as-a-national-priority-in-your-country-question-2-15-how-is-it-reflected-in-your-national-plans-and-policies-question\/","og_site_name":"Surveys for IOC-CD","article_modified_time":"2021-06-07T08:18:18+00:00","og_image":[{"url":"https:\/\/surveys.ioc-cd.org\/wp-content\/uploads\/2021\/04\/2.14-rev2.jpg","type":"","width":"","height":""}],"twitter_card":"summary_large_image","twitter_misc":{"Est. reading time":"7 minutes"},"schema":{"@context":"https:\/\/schema.org","@graph":[{"@type":"WebPage","@id":"https:\/\/surveys.ioc-cd.org\/index.php\/ioc-focal-points-question-2-14-is-sustainable-development-goal-14-considered-as-a-national-priority-in-your-country-question-2-15-how-is-it-reflected-in-your-national-plans-and-policies-question\/","url":"https:\/\/surveys.ioc-cd.org\/index.php\/ioc-focal-points-question-2-14-is-sustainable-development-goal-14-considered-as-a-national-priority-in-your-country-question-2-15-how-is-it-reflected-in-your-national-plans-and-policies-question\/","name":"IOC Focal points: Question 2.14, 2.15, 2.16, 2.17: Is Sustainable Development Goal 14 considered as a national priority in your country? How is it reflected in your national plans and policies? How would you rate the level of capacity available right now in your country to achieve SDG 14? How would you rate the level of capacity available right now in your institution to support the achievement of SDG 14 in your country? - Surveys for IOC-CD","isPartOf":{"@id":"https:\/\/surveys.ioc-cd.org\/#website"},"primaryImageOfPage":{"@id":"https:\/\/surveys.ioc-cd.org\/index.php\/ioc-focal-points-question-2-14-is-sustainable-development-goal-14-considered-as-a-national-priority-in-your-country-question-2-15-how-is-it-reflected-in-your-national-plans-and-policies-question\/#primaryimage"},"image":{"@id":"https:\/\/surveys.ioc-cd.org\/index.php\/ioc-focal-points-question-2-14-is-sustainable-development-goal-14-considered-as-a-national-priority-in-your-country-question-2-15-how-is-it-reflected-in-your-national-plans-and-policies-question\/#primaryimage"},"thumbnailUrl":"https:\/\/surveys.ioc-cd.org\/wp-content\/uploads\/2021\/04\/2.14-rev2.jpg","datePublished":"2021-03-26T10:12:14+00:00","dateModified":"2021-06-07T08:18:18+00:00","breadcrumb":{"@id":"https:\/\/surveys.ioc-cd.org\/index.php\/ioc-focal-points-question-2-14-is-sustainable-development-goal-14-considered-as-a-national-priority-in-your-country-question-2-15-how-is-it-reflected-in-your-national-plans-and-policies-question\/#breadcrumb"},"inLanguage":"en-US","potentialAction":[{"@type":"ReadAction","target":["https:\/\/surveys.ioc-cd.org\/index.php\/ioc-focal-points-question-2-14-is-sustainable-development-goal-14-considered-as-a-national-priority-in-your-country-question-2-15-how-is-it-reflected-in-your-national-plans-and-policies-question\/"]}]},{"@type":"ImageObject","inLanguage":"en-US","@id":"https:\/\/surveys.ioc-cd.org\/index.php\/ioc-focal-points-question-2-14-is-sustainable-development-goal-14-considered-as-a-national-priority-in-your-country-question-2-15-how-is-it-reflected-in-your-national-plans-and-policies-question\/#primaryimage","url":"https:\/\/surveys.ioc-cd.org\/wp-content\/uploads\/2021\/04\/2.14-rev2.jpg","contentUrl":"https:\/\/surveys.ioc-cd.org\/wp-content\/uploads\/2021\/04\/2.14-rev2.jpg","width":379,"height":379},{"@type":"BreadcrumbList","@id":"https:\/\/surveys.ioc-cd.org\/index.php\/ioc-focal-points-question-2-14-is-sustainable-development-goal-14-considered-as-a-national-priority-in-your-country-question-2-15-how-is-it-reflected-in-your-national-plans-and-policies-question\/#breadcrumb","itemListElement":[{"@type":"ListItem","position":1,"name":"Home","item":"https:\/\/surveys.ioc-cd.org\/"},{"@type":"ListItem","position":2,"name":"IOC Focal points: Question 2.14, 2.15, 2.16, 2.17: Is Sustainable Development Goal 14 considered as a national priority in your country? How is it reflected in your national plans and policies? How would you rate the level of capacity available right now in your country to achieve SDG 14? How would you rate the level of capacity available right now in your institution to support the achievement of SDG 14 in your country?"}]},{"@type":"WebSite","@id":"https:\/\/surveys.ioc-cd.org\/#website","url":"https:\/\/surveys.ioc-cd.org\/","name":"Surveys for IOC-CD","description":"IOC Capacity Development surveys results","potentialAction":[{"@type":"SearchAction","target":{"@type":"EntryPoint","urlTemplate":"https:\/\/surveys.ioc-cd.org\/?s={search_term_string}"},"query-input":{"@type":"PropertyValueSpecification","valueRequired":true,"valueName":"search_term_string"}}],"inLanguage":"en-US"}]}},"_links":{"self":[{"href":"https:\/\/surveys.ioc-cd.org\/index.php\/wp-json\/wp\/v2\/pages\/404","targetHints":{"allow":["GET"]}}],"collection":[{"href":"https:\/\/surveys.ioc-cd.org\/index.php\/wp-json\/wp\/v2\/pages"}],"about":[{"href":"https:\/\/surveys.ioc-cd.org\/index.php\/wp-json\/wp\/v2\/types\/page"}],"author":[{"embeddable":true,"href":"https:\/\/surveys.ioc-cd.org\/index.php\/wp-json\/wp\/v2\/users\/3"}],"replies":[{"embeddable":true,"href":"https:\/\/surveys.ioc-cd.org\/index.php\/wp-json\/wp\/v2\/comments?post=404"}],"version-history":[{"count":8,"href":"https:\/\/surveys.ioc-cd.org\/index.php\/wp-json\/wp\/v2\/pages\/404\/revisions"}],"predecessor-version":[{"id":3110,"href":"https:\/\/surveys.ioc-cd.org\/index.php\/wp-json\/wp\/v2\/pages\/404\/revisions\/3110"}],"wp:attachment":[{"href":"https:\/\/surveys.ioc-cd.org\/index.php\/wp-json\/wp\/v2\/media?parent=404"}],"curies":[{"name":"wp","href":"https:\/\/api.w.org\/{rel}","templated":true}]}}